{"id":8,"date":"2020-09-15T20:34:27","date_gmt":"2020-09-15T20:34:27","guid":{"rendered":"https:\/\/www.alddr.ch\/site-alddr\/home\/"},"modified":"2025-06-22T11:43:01","modified_gmt":"2025-06-22T11:43:01","slug":"home","status":"publish","type":"page","link":"https:\/\/www.alddr.ch\/site-alddr\/","title":{"rendered":"Pr\u00e9sentation"},"content":{"rendered":"<p>Bienvenue sur le site Internet de:<\/p>\n<p><strong><span style=\"color: #3366ff;\">L\u2019Association des amis et anciens \u00e9l\u00e8ves du Lyc\u00e9e Denis-de-Rougemont.<\/span><\/strong><\/p>\n<p style=\"text-align: center;\">La prochaine <span style=\"color: #000000;\"><strong>Assembl\u00e9e g\u00e9n\u00e9rale de l\u2019ALDDR<\/strong><\/span> aura lieu:<br \/>\n<span style=\"color: #ff0000;\"><strong>Mercredi 20 mai 2026<\/strong><span style=\"color: #000000;\"><br \/>\n<\/span><\/span><\/p>\n<p style=\"text-align: center;\">\u00e0 17h00<\/p>\n<p>&nbsp;<\/p>\n<p><img loading=\"lazy\" decoding=\"async\" class=\"alignnone wp-image-24 size-full\" src=\"https:\/\/www.alddr.ch\/site-alddr\/wp-content\/uploads\/2020\/09\/NouveauLogoALDDR.jpg\" alt=\"\" width=\"984\" height=\"208\" srcset=\"https:\/\/www.alddr.ch\/site-alddr\/wp-content\/uploads\/2020\/09\/NouveauLogoALDDR.jpg 984w, https:\/\/www.alddr.ch\/site-alddr\/wp-content\/uploads\/2020\/09\/NouveauLogoALDDR-300x63.jpg 300w, https:\/\/www.alddr.ch\/site-alddr\/wp-content\/uploads\/2020\/09\/NouveauLogoALDDR-768x162.jpg 768w\" sizes=\"auto, (max-width: 984px) 100vw, 984px\" \/><br \/>\nL\u2019<strong>Association des amis et anciens \u00e9l\u00e8ves du Lyc\u00e9e Denis-de-Rougemont (ALDDR)<\/strong> est l\u2019h\u00e9riti\u00e8re l\u00e9gitime de l\u2019<strong>Association des Anciens El\u00e8ves du Gymnase cantonal de Neuch\u00e2tel (AAEG)<\/strong>. Elle en a repris les missions et activit\u00e9s au moment o\u00f9, \u00e0 la veille du XXI\u00e8me si\u00e8cle, l\u2019ensemble des \u00e9coles de maturit\u00e9 a fait l&rsquo;objet d&rsquo;une nouvelle structure relevant du canton.<br \/>\nTout naturellement, la Fondation de l\u2019AAEG a suivi cette \u00e9volution et chang\u00e9 de nom. Ainsi, elle accompagne toujours l\u2019ALDDR par son appui financier dans les activit\u00e9s que d\u00e9ploie cette derni\u00e8re.<br \/>\nAppartenir \u00e0 l\u2019ALDDR, c\u2019est tout d\u2019abord une mani\u00e8re de cultiver le souvenir d\u2019un temps o\u00f9 l\u2019on affirmait sa personnalit\u00e9 \u00e0 la charni\u00e8re des temps et des attentes. C\u2019est aussi \u2013 en plus des r\u00e9seaux sociaux \u2013 un excellent moyen de garder le contact avec ses camarades de vol\u00e9es et avec l\u2019institution elle-m\u00eame. C\u2019est encore le signe d\u2019un int\u00e9r\u00eat marqu\u00e9 pour la formation de celles et ceux qui auront \u00e0 inventer l\u2019avenir et \u00e0 en assumer la responsabilit\u00e9.<br \/>\nPour entretenir le souvenir, susciter la rencontre et favoriser l\u2019information, rejoignez l\u2019ALDDR. Pour soutenir l&rsquo;association, un bulletin de versement QR peut \u00eatre <a href=\"https:\/\/www.archeofacts.ch\/alddr\/ALDDR-Facture-QR.pdf\" target=\"_blank\" rel=\"noopener noreferrer\">t\u00e9l\u00e9charg\u00e9 ici<\/a>.<\/p>\n<p>Bienvenue dans la visite de nos pages.<\/p>\n<p><img loading=\"lazy\" decoding=\"async\" class=\"alignnone wp-image-25 size-full\" src=\"https:\/\/www.alddr.ch\/site-alddr\/wp-content\/uploads\/2020\/09\/AncienLogoALDDR.jpg\" alt=\"\" width=\"984\" height=\"191\" srcset=\"https:\/\/www.alddr.ch\/site-alddr\/wp-content\/uploads\/2020\/09\/AncienLogoALDDR.jpg 984w, https:\/\/www.alddr.ch\/site-alddr\/wp-content\/uploads\/2020\/09\/AncienLogoALDDR-300x58.jpg 300w, https:\/\/www.alddr.ch\/site-alddr\/wp-content\/uploads\/2020\/09\/AncienLogoALDDR-768x149.jpg 768w\" sizes=\"auto, (max-width: 984px) 100vw, 984px\" \/><\/p>\n","protected":false},"excerpt":{"rendered":"<p>Bienvenue sur le site Internet de: L\u2019Association des amis et anciens \u00e9l\u00e8ves du Lyc\u00e9e Denis-de-Rougemont. La prochaine Assembl\u00e9e g\u00e9n\u00e9rale de l\u2019ALDDR aura lieu: Mercredi 20 mai 2026 \u00e0 17h00 &nbsp; L\u2019Association des amis et anciens \u00e9l\u00e8ves du Lyc\u00e9e Denis-de-Rougemont (ALDDR) est l\u2019h\u00e9riti\u00e8re l\u00e9gitime de l\u2019Association des Anciens El\u00e8ves du Gymnase cantonal de Neuch\u00e2tel (AAEG). Elle [&hellip;]<\/p>\n","protected":false},"author":1,"featured_media":0,"parent":0,"menu_order":0,"comment_status":"closed","ping_status":"closed","template":"","meta":{"footnotes":""},"class_list":["post-8","page","type-page","status-publish","hentry"],"_links":{"self":[{"href":"https:\/\/www.alddr.ch\/site-alddr\/index.php?rest_route=\/wp\/v2\/pages\/8","targetHints":{"allow":["GET"]}}],"collection":[{"href":"https:\/\/www.alddr.ch\/site-alddr\/index.php?rest_route=\/wp\/v2\/pages"}],"about":[{"href":"https:\/\/www.alddr.ch\/site-alddr\/index.php?rest_route=\/wp\/v2\/types\/page"}],"author":[{"embeddable":true,"href":"https:\/\/www.alddr.ch\/site-alddr\/index.php?rest_route=\/wp\/v2\/users\/1"}],"replies":[{"embeddable":true,"href":"https:\/\/www.alddr.ch\/site-alddr\/index.php?rest_route=%2Fwp%2Fv2%2Fcomments&post=8"}],"version-history":[{"count":21,"href":"https:\/\/www.alddr.ch\/site-alddr\/index.php?rest_route=\/wp\/v2\/pages\/8\/revisions"}],"predecessor-version":[{"id":252,"href":"https:\/\/www.alddr.ch\/site-alddr\/index.php?rest_route=\/wp\/v2\/pages\/8\/revisions\/252"}],"wp:attachment":[{"href":"https:\/\/www.alddr.ch\/site-alddr\/index.php?rest_route=%2Fwp%2Fv2%2Fmedia&parent=8"}],"curies":[{"name":"wp","href":"https:\/\/api.w.org\/{rel}","templated":true}]}}